{"id":575,"date":"2025-05-15T09:36:18","date_gmt":"2025-05-15T09:36:18","guid":{"rendered":"https:\/\/violaserafin.com\/?page_id=575"},"modified":"2025-06-04T13:28:57","modified_gmt":"2025-06-04T13:28:57","slug":"ruzafa","status":"publish","type":"page","link":"https:\/\/violaserafin.com\/en\/ruzafa\/","title":{"rendered":"Ruzafa"},"content":{"rendered":"<div data-elementor-type=\"wp-page\" data-elementor-id=\"575\" class=\"elementor elementor-575\" data-elementor-post-type=\"page\">\n\t\t\t\t<div class=\"elementor-element elementor-element-18d3dfa e-flex e-con-boxed e-con e-parent\" data-id=\"18d3dfa\" data-element_type=\"container\" data-settings=\"{&quot;background_background&quot;:&quot;classic&quot;}\">\n\t\t\t\t\t<div class=\"e-con-inner\">\n\t\t\t\t\t<\/div>\n\t\t\t\t<\/div>\n\t\t<div class=\"elementor-element elementor-element-bc9390d e-flex e-con-boxed e-con e-parent\" data-id=\"bc9390d\" data-element_type=\"container\">\n\t\t\t\t\t<div class=\"e-con-inner\">\n\t\t\t\t<div class=\"elementor-element elementor-element-fb97d71 elementor-widget elementor-widget-heading\" data-id=\"fb97d71\" data-element_type=\"widget\" data-widget_type=\"heading.default\">\n\t\t\t\t<div class=\"elementor-widget-container\">\n\t\t\t\t\t<h2 class=\"elementor-heading-title elementor-size-default\">Discover the spirit of Spain<\/h2>\t\t\t\t<\/div>\n\t\t\t\t<\/div>\n\t\t\t\t<div class=\"elementor-element elementor-element-261308c elementor-widget elementor-widget-heading\" data-id=\"261308c\" data-element_type=\"widget\" data-widget_type=\"heading.default\">\n\t\t\t\t<div class=\"elementor-widget-container\">\n\t\t\t\t\t<h2 class=\"elementor-heading-title elementor-size-default\">An apartment with soul in the heart of Valencia<\/h2>\t\t\t\t<\/div>\n\t\t\t\t<\/div>\n\t\t\t\t\t<\/div>\n\t\t\t\t<\/div>\n\t\t<div class=\"elementor-element elementor-element-8fdc01d e-flex e-con-boxed e-con e-parent\" data-id=\"8fdc01d\" data-element_type=\"container\" data-settings=\"{&quot;background_background&quot;:&quot;classic&quot;}\">\n\t\t\t\t\t<div class=\"e-con-inner\">\n\t\t\t\t\t<\/div>\n\t\t\t\t<\/div>\n\t\t<div class=\"elementor-element elementor-element-a2e20f1 e-con-full e-flex e-con e-parent\" data-id=\"a2e20f1\" data-element_type=\"container\">\n\t\t<div class=\"elementor-element elementor-element-0f6e630 e-con-full e-flex e-con e-child\" data-id=\"0f6e630\" data-element_type=\"container\">\n\t\t\t\t<div class=\"elementor-element elementor-element-be7d811 elementor-widget elementor-widget-text-editor\" data-id=\"be7d811\" data-element_type=\"widget\" data-widget_type=\"text-editor.default\">\n\t\t\t\t<div class=\"elementor-widget-container\">\n\t\t\t\t\t\t\t\t\t<p>Right in the heart of Valencia, in the artistic and vibrant Ruzafa district, there is <strong>an apartment with soul<\/strong>where <strong>history meets modern design<\/strong>This space, located in a building over a hundred years old, has undergone a complete transformation, blending the charm of the past with the functionality of contemporary interiors.<\/p>\t\t\t\t\t\t\t\t<\/div>\n\t\t\t\t<\/div>\n\t\t\t\t<div class=\"elementor-element elementor-element-ca3a871 elementor-widget__width-inherit elementor-widget-mobile__width-initial elementor-widget elementor-widget-heading\" data-id=\"ca3a871\" data-element_type=\"widget\" data-widget_type=\"heading.default\">\n\t\t\t\t<div class=\"elementor-widget-container\">\n\t\t\t\t\t<h2 class=\"elementor-heading-title elementor-size-default\">An interior design project with history in the background<\/h2>\t\t\t\t<\/div>\n\t\t\t\t<\/div>\n\t\t\t\t<div class=\"elementor-element elementor-element-0b43f00 elementor-widget elementor-widget-text-editor\" data-id=\"0b43f00\" data-element_type=\"widget\" data-widget_type=\"text-editor.default\">\n\t\t\t\t<div class=\"elementor-widget-container\">\n\t\t\t\t\t\t\t\t\t<p>Designing this apartment was more than just a project for me \u2014 it was a journey. A meeting with the past, which\u2014though a bit dusty and forgotten\u2014still pulsed within the walls of this historic building. From the very first step, I knew this interior had <strong>an incredible potential<\/strong> and could become a unique home in the heart of Valencia.<\/p>\t\t\t\t\t\t\t\t<\/div>\n\t\t\t\t<\/div>\n\t\t\t\t<\/div>\n\t\t<div class=\"elementor-element elementor-element-ffbb0d0 e-con-full e-flex e-con e-child\" data-id=\"ffbb0d0\" data-element_type=\"container\" data-settings=\"{&quot;background_background&quot;:&quot;classic&quot;}\">\n\t\t\t\t<\/div>\n\t\t\t\t<\/div>\n\t\t<div class=\"elementor-element elementor-element-a88d2c8 e-flex e-con-boxed e-con e-parent\" data-id=\"a88d2c8\" data-element_type=\"container\" data-settings=\"{&quot;background_background&quot;:&quot;classic&quot;}\">\n\t\t\t\t\t<div class=\"e-con-inner\">\n\t\t\t\t\t<\/div>\n\t\t\t\t<\/div>\n\t\t<div class=\"elementor-element elementor-element-2c297c5 e-flex e-con-boxed e-con e-parent\" data-id=\"2c297c5\" data-element_type=\"container\">\n\t\t\t\t\t<div class=\"e-con-inner\">\n\t\t<div class=\"elementor-element elementor-element-e232d9a e-con-full e-flex e-con e-child\" data-id=\"e232d9a\" data-element_type=\"container\" data-settings=\"{&quot;background_background&quot;:&quot;classic&quot;}\">\n\t\t\t\t<\/div>\n\t\t<div class=\"elementor-element elementor-element-480b8a9 e-con-full e-flex e-con e-child\" data-id=\"480b8a9\" data-element_type=\"container\" data-settings=\"{&quot;background_background&quot;:&quot;classic&quot;}\">\n\t\t\t\t<\/div>\n\t\t\t\t\t<\/div>\n\t\t\t\t<\/div>\n\t\t<div class=\"elementor-element elementor-element-0df7ad4 e-flex e-con-boxed e-con e-parent\" data-id=\"0df7ad4\" data-element_type=\"container\">\n\t\t\t\t\t<div class=\"e-con-inner\">\n\t\t<div class=\"elementor-element elementor-element-836b2b5 e-con-full e-flex e-con e-child\" data-id=\"836b2b5\" data-element_type=\"container\" data-settings=\"{&quot;background_background&quot;:&quot;classic&quot;}\">\n\t\t\t\t<\/div>\n\t\t<div class=\"elementor-element elementor-element-dc50265 e-con-full e-flex e-con e-child\" data-id=\"dc50265\" data-element_type=\"container\">\n\t\t\t\t<div class=\"elementor-element elementor-element-9a26340 elementor-widget__width-inherit elementor-widget elementor-widget-heading\" data-id=\"9a26340\" data-element_type=\"widget\" data-widget_type=\"heading.default\">\n\t\t\t\t<div class=\"elementor-widget-container\">\n\t\t\t\t\t<h2 class=\"elementor-heading-title elementor-size-default\">From dark rooms to a bright space<\/h2>\t\t\t\t<\/div>\n\t\t\t\t<\/div>\n\t\t\t\t<div class=\"elementor-element elementor-element-7120395 elementor-widget elementor-widget-text-editor\" data-id=\"7120395\" data-element_type=\"widget\" data-widget_type=\"text-editor.default\">\n\t\t\t\t<div class=\"elementor-widget-container\">\n\t\t\t\t\t\t\t\t\t<p>Originally, the 77-square-meter apartment was divided into small rooms: four bedrooms (three without natural light), two living rooms, a kitchen the size of a closet, a dining room, and a bathroom. The lack of light and the cramped layout prevented the space from breathing.<\/p>\t\t\t\t\t\t\t\t<\/div>\n\t\t\t\t<\/div>\n\t\t\t\t<div class=\"elementor-element elementor-element-16fc739 elementor-widget elementor-widget-text-editor\" data-id=\"16fc739\" data-element_type=\"widget\" data-widget_type=\"text-editor.default\">\n\t\t\t\t<div class=\"elementor-widget-container\">\n\t\t\t\t\t\t\t\t\t<div class=\"aju\"><div id=\":22t\" class=\"a3s aiL\"><div dir=\"ltr\"><p>Preserving the original charm of the apartment was a priority. We restored the historic tiles <em>mosaico hidr\u00e1ulico<\/em>, refreshed the wooden doors, windows, and beams. Our goal was to restore <strong>the space, light, and harmony.<\/strong>We demolished the partition walls, opened up the layout, and added balcony windows overlooking the patio. Today, the living area pulses with the rhythm of the city, while the bedrooms are embraced by the tranquility of the inner courtyard. It\u2019s a <strong>perfect blend of Valencia\u2019s vibrant energy with privacy and comfort.<\/strong>We also exposed the brick walls to highlight the building\u2019s rich history.<\/p><\/div><\/div><\/div>\t\t\t\t\t\t\t\t<\/div>\n\t\t\t\t<\/div>\n\t\t\t\t<\/div>\n\t\t\t\t\t<\/div>\n\t\t\t\t<\/div>\n\t\t<div class=\"elementor-element elementor-element-72dee55 e-flex e-con-boxed e-con e-parent\" data-id=\"72dee55\" data-element_type=\"container\">\n\t\t\t\t\t<div class=\"e-con-inner\">\n\t\t<div class=\"elementor-element elementor-element-61845c6 e-con-full e-flex e-con e-child\" data-id=\"61845c6\" data-element_type=\"container\" data-settings=\"{&quot;background_background&quot;:&quot;classic&quot;}\">\n\t\t\t\t<\/div>\n\t\t<div class=\"elementor-element elementor-element-96f7ac3 e-con-full e-flex e-con e-child\" data-id=\"96f7ac3\" data-element_type=\"container\" data-settings=\"{&quot;background_background&quot;:&quot;classic&quot;}\">\n\t\t\t\t<\/div>\n\t\t\t\t\t<\/div>\n\t\t\t\t<\/div>\n\t\t<div class=\"elementor-element elementor-element-ade725f e-flex e-con-boxed e-con e-parent\" data-id=\"ade725f\" data-element_type=\"container\">\n\t\t\t\t\t<div class=\"e-con-inner\">\n\t\t<div class=\"elementor-element elementor-element-1227386 e-con-full elementor-hidden-mobile e-flex e-con e-child\" data-id=\"1227386\" data-element_type=\"container\">\n\t\t\t\t<div class=\"elementor-element elementor-element-4b3919c elementor-widget__width-inherit elementor-widget elementor-widget-heading\" data-id=\"4b3919c\" data-element_type=\"widget\" data-widget_type=\"heading.default\">\n\t\t\t\t<div class=\"elementor-widget-container\">\n\t\t\t\t\t<h2 class=\"elementor-heading-title elementor-size-default\">With respect for the original<\/h2>\t\t\t\t<\/div>\n\t\t\t\t<\/div>\n\t\t\t\t<div class=\"elementor-element elementor-element-ceb484d elementor-widget elementor-widget-text-editor\" data-id=\"ceb484d\" data-element_type=\"widget\" data-widget_type=\"text-editor.default\">\n\t\t\t\t<div class=\"elementor-widget-container\">\n\t\t\t\t\t\t\t\t\t<p>Preserving the original elements was key for me. We exposed the brick walls and restored <strong>the historic mosaico hidr\u00e1ulico tiles<\/strong>, as well as preserved the wooden doors, windows, and beams. Every detail here tells its own story \u2014 giving the interior a unique, authentic character.<\/p>\t\t\t\t\t\t\t\t<\/div>\n\t\t\t\t<\/div>\n\t\t\t\t<div class=\"elementor-element elementor-element-199aab0 elementor-widget__width-inherit elementor-widget elementor-widget-heading\" data-id=\"199aab0\" data-element_type=\"widget\" data-widget_type=\"heading.default\">\n\t\t\t\t<div class=\"elementor-widget-container\">\n\t\t\t\t\t<h2 class=\"elementor-heading-title elementor-size-default\">Natural color palette and Mediterranean vibe<\/h2>\t\t\t\t<\/div>\n\t\t\t\t<\/div>\n\t\t\t\t<div class=\"elementor-element elementor-element-3eb81f1 elementor-widget elementor-widget-text-editor\" data-id=\"3eb81f1\" data-element_type=\"widget\" data-widget_type=\"text-editor.default\">\n\t\t\t\t<div class=\"elementor-widget-container\">\n\t\t\t\t\t\t\t\t\t<p>The color palette of this apartment wasn\u2019t designed \u2014 it simply happened. The original cement tiles brought in hues of sun-baked sand, deep reds, earth tones, and palm green. These colors created within the space a <strong>calm, Mediterranean atmosphere<\/strong>that soothes and embraces.<\/p>\t\t\t\t\t\t\t\t<\/div>\n\t\t\t\t<\/div>\n\t\t\t\t<\/div>\n\t\t<div class=\"elementor-element elementor-element-65a8386 e-con-full e-flex e-con e-child\" data-id=\"65a8386\" data-element_type=\"container\" data-settings=\"{&quot;background_background&quot;:&quot;classic&quot;}\">\n\t\t\t\t<\/div>\n\t\t<div class=\"elementor-element elementor-element-d7e86e7 e-con-full e-flex e-con e-child\" data-id=\"d7e86e7\" data-element_type=\"container\" data-settings=\"{&quot;background_background&quot;:&quot;classic&quot;}\">\n\t\t\t\t<\/div>\n\t\t\t\t\t<\/div>\n\t\t\t\t<\/div>\n\t\t<div class=\"elementor-element elementor-element-c820595 elementor-hidden-desktop elementor-hidden-tablet e-flex e-con-boxed e-con e-parent\" data-id=\"c820595\" data-element_type=\"container\">\n\t\t\t\t\t<div class=\"e-con-inner\">\n\t\t<div class=\"elementor-element elementor-element-431700e e-con-full e-flex e-con e-child\" data-id=\"431700e\" data-element_type=\"container\">\n\t\t\t\t<div class=\"elementor-element elementor-element-6c2174e elementor-widget elementor-widget-text-editor\" data-id=\"6c2174e\" data-element_type=\"widget\" data-widget_type=\"text-editor.default\">\n\t\t\t\t<div class=\"elementor-widget-container\">\n\t\t\t\t\t\t\t\t\t<p>The color palette was not a deliberate choice but a natural heritage of the original cement tiles. They reflect the Mediterranean hues of sun-baked sand, deep red, warm brown, and palm green shades, creating a calm and harmonious atmosphere.<\/p>\t\t\t\t\t\t\t\t<\/div>\n\t\t\t\t<\/div>\n\t\t\t\t<div class=\"elementor-element elementor-element-db9799b elementor-widget elementor-widget-text-editor\" data-id=\"db9799b\" data-element_type=\"widget\" data-widget_type=\"text-editor.default\">\n\t\t\t\t<div class=\"elementor-widget-container\">\n\t\t\t\t\t\t\t\t\t<p>Sustainable development played a key role in the interior design. Iconic second-hand furniture, such as Marcel Breuer's Wassily chair and elegant lamps by Jaime Hay\u00f3n, give the space a timeless character. The ensemble is completed by paintings by Gra\u017cyna Smal inspired by the sea, enhancing the artistic and coastal atmosphere of the apartment.<\/p>\t\t\t\t\t\t\t\t<\/div>\n\t\t\t\t<\/div>\n\t\t\t\t<\/div>\n\t\t<div class=\"elementor-element elementor-element-2dad2cc e-con-full elementor-hidden-mobile e-flex e-con e-child\" data-id=\"2dad2cc\" data-element_type=\"container\" data-settings=\"{&quot;background_background&quot;:&quot;classic&quot;}\">\n\t\t\t\t<\/div>\n\t\t<div class=\"elementor-element elementor-element-fd6e34c e-con-full elementor-hidden-mobile e-flex e-con e-child\" data-id=\"fd6e34c\" data-element_type=\"container\" data-settings=\"{&quot;background_background&quot;:&quot;classic&quot;}\">\n\t\t\t\t<\/div>\n\t\t\t\t\t<\/div>\n\t\t\t\t<\/div>\n\t\t<div class=\"elementor-element elementor-element-5844c63 e-flex e-con-boxed e-con e-parent\" data-id=\"5844c63\" data-element_type=\"container\">\n\t\t\t\t\t<div class=\"e-con-inner\">\n\t\t<div class=\"elementor-element elementor-element-510f721 e-con-full e-flex e-con e-child\" data-id=\"510f721\" data-element_type=\"container\" data-settings=\"{&quot;background_background&quot;:&quot;classic&quot;}\">\n\t\t\t\t<\/div>\n\t\t<div class=\"elementor-element elementor-element-9558c96 e-con-full e-flex e-con e-child\" data-id=\"9558c96\" data-element_type=\"container\" data-settings=\"{&quot;background_background&quot;:&quot;classic&quot;}\">\n\t\t\t\t<\/div>\n\t\t\t\t\t<\/div>\n\t\t\t\t<\/div>\n\t\t<div class=\"elementor-element elementor-element-6bbb5a0 e-flex e-con-boxed e-con e-parent\" data-id=\"6bbb5a0\" data-element_type=\"container\">\n\t\t\t\t\t<div class=\"e-con-inner\">\n\t\t<div class=\"elementor-element elementor-element-e3ab7d6 e-con-full e-flex e-con e-child\" data-id=\"e3ab7d6\" data-element_type=\"container\" data-settings=\"{&quot;background_background&quot;:&quot;classic&quot;}\">\n\t\t\t\t<\/div>\n\t\t<div class=\"elementor-element elementor-element-d199975 e-con-full e-flex e-con e-child\" data-id=\"d199975\" data-element_type=\"container\" data-settings=\"{&quot;background_background&quot;:&quot;classic&quot;}\">\n\t\t\t\t<\/div>\n\t\t\t\t\t<\/div>\n\t\t\t\t<\/div>\n\t\t<div class=\"elementor-element elementor-element-12b546a e-flex e-con-boxed e-con e-parent\" data-id=\"12b546a\" data-element_type=\"container\">\n\t\t\t\t\t<div class=\"e-con-inner\">\n\t\t<div class=\"elementor-element elementor-element-880de6d e-con-full e-flex e-con e-child\" data-id=\"880de6d\" data-element_type=\"container\">\n\t\t\t\t<div class=\"elementor-element elementor-element-ec73317 elementor-widget__width-inherit elementor-widget elementor-widget-heading\" data-id=\"ec73317\" data-element_type=\"widget\" data-widget_type=\"heading.default\">\n\t\t\t\t<div class=\"elementor-widget-container\">\n\t\t\t\t\t<h2 class=\"elementor-heading-title elementor-size-default\">Balanced design and timeless furniture<\/h2>\t\t\t\t<\/div>\n\t\t\t\t<\/div>\n\t\t\t\t<div class=\"elementor-element elementor-element-1340277 elementor-widget elementor-widget-text-editor\" data-id=\"1340277\" data-element_type=\"widget\" data-widget_type=\"text-editor.default\">\n\t\t\t\t<div class=\"elementor-widget-container\">\n\t\t\t\t\t\t\t\t\t<p>In the spirit <strong>of sustainable interior design<\/strong>,embracing sustainable interior design, I chose second-hand classics. The iconic Wassily chair by Marcel Breuer, lamps by Jaime Hay\u00f3n, as well as art \u2014 paintings by Gra\u017cyna Smal inspired by the sea, sculptures by Agustin Esteso, and photographs by Beatriz Tafaner \u2014 give this space an artistic and timeless character.<\/p>\t\t\t\t\t\t\t\t<\/div>\n\t\t\t\t<\/div>\n\t\t\t\t<div class=\"elementor-element elementor-element-e952594 elementor-widget__width-inherit elementor-widget elementor-widget-heading\" data-id=\"e952594\" data-element_type=\"widget\" data-widget_type=\"heading.default\">\n\t\t\t\t<div class=\"elementor-widget-container\">\n\t\t\t\t\t<h2 class=\"elementor-heading-title elementor-size-default\">A home that tells a story<\/h2>\t\t\t\t<\/div>\n\t\t\t\t<\/div>\n\t\t\t\t<div class=\"elementor-element elementor-element-7038ad6 elementor-widget elementor-widget-text-editor\" data-id=\"7038ad6\" data-element_type=\"widget\" data-widget_type=\"text-editor.default\">\n\t\t\t\t<div class=\"elementor-widget-container\">\n\t\t\t\t\t\t\t\t\t<p>This apartment is more than just a space \u2014 it\u2019s a story. A story of light, harmony, respect for the past, and thoughtful design. A place that has become a home. And of my deep gratitude for being part of this transformation.<\/p>\t\t\t\t\t\t\t\t<\/div>\n\t\t\t\t<\/div>\n\t\t\t\t<div class=\"elementor-element elementor-element-41bab78 elementor-widget__width-inherit elementor-widget elementor-widget-text-editor\" data-id=\"41bab78\" data-element_type=\"widget\" data-widget_type=\"text-editor.default\">\n\t\t\t\t<div class=\"elementor-widget-container\">\n\t\t\t\t\t\t\t\t\t<p><strong>interior design:<\/strong> Wioletta Serafin<br \/><strong>functional layout:<\/strong> Przemek Maziarz<br \/><strong>photos:<\/strong> Beatriz Tafaner<br \/><strong>Location:<\/strong> Ruzafa, Valencia \u2013 a vibrant neighborhood full of light, art, and life<\/p>\t\t\t\t\t\t\t\t<\/div>\n\t\t\t\t<\/div>\n\t\t\t\t<\/div>\n\t\t<div class=\"elementor-element elementor-element-019e10b e-con-full e-flex e-con e-child\" data-id=\"019e10b\" data-element_type=\"container\" data-settings=\"{&quot;background_background&quot;:&quot;classic&quot;}\">\n\t\t\t\t<\/div>\n\t\t<div class=\"elementor-element elementor-element-38e65ef e-con-full e-flex e-con e-child\" data-id=\"38e65ef\" data-element_type=\"container\" data-settings=\"{&quot;background_background&quot;:&quot;classic&quot;}\">\n\t\t\t\t<\/div>\n\t\t\t\t\t<\/div>\n\t\t\t\t<\/div>\n\t\t\t\t<\/div>","protected":false},"excerpt":{"rendered":"<p>Odkryj klimat Hiszpanii Apartament z dusz\u0105 w centrum Walencji W samym centrum Walencji, w artystycznej i pe\u0142nej \u017cycia dzielnicy Ruzafa, znajduje si\u0119 mieszkanie z dusz\u0105, w kt\u00f3rym historia spotyka si\u0119 z nowoczesnym designem. Ta przestrze\u0144, po\u0142o\u017cona w ponadstuletniej kamienicy, przesz\u0142a kompletn\u0105 metamorfoz\u0119, \u0142\u0105cz\u0105c urok przesz\u0142o\u015bci z funkcjonalno\u015bci\u0105 wsp\u00f3\u0142czesnych wn\u0119trz. Projekt wn\u0119trza z histori\u0105 w tle [&hellip;]<\/p>","protected":false},"author":1,"featured_media":0,"parent":0,"menu_order":0,"comment_status":"closed","ping_status":"closed","template":"","meta":{"footnotes":""},"class_list":["post-575","page","type-page","status-publish","hentry"],"yoast_head":"<!-- This site is optimized with the Yoast SEO plugin v25.2 - https:\/\/yoast.com\/wordpress\/plugins\/seo\/ -->\n<title>Ruzafa - Viola<\/title>\n<meta name=\"robots\" content=\"index, follow, max-snippet:-1, max-image-preview:large, max-video-preview:-1\" \/>\n<link rel=\"canonical\" href=\"https:\/\/violaserafin.com\/en\/ruzafa\/\" \/>\n<meta property=\"og:locale\" content=\"en_GB\" \/>\n<meta property=\"og:type\" content=\"article\" \/>\n<meta property=\"og:title\" content=\"Ruzafa - Viola\" \/>\n<meta property=\"og:description\" content=\"Odkryj klimat Hiszpanii Apartament z dusz\u0105 w centrum Walencji W samym centrum Walencji, w artystycznej i pe\u0142nej \u017cycia dzielnicy Ruzafa, znajduje si\u0119 mieszkanie z dusz\u0105, w kt\u00f3rym historia spotyka si\u0119 z nowoczesnym designem. Ta przestrze\u0144, po\u0142o\u017cona w ponadstuletniej kamienicy, przesz\u0142a kompletn\u0105 metamorfoz\u0119, \u0142\u0105cz\u0105c urok przesz\u0142o\u015bci z funkcjonalno\u015bci\u0105 wsp\u00f3\u0142czesnych wn\u0119trz. Projekt wn\u0119trza z histori\u0105 w tle [&hellip;]\" \/>\n<meta property=\"og:url\" content=\"https:\/\/violaserafin.com\/en\/ruzafa\/\" \/>\n<meta property=\"og:site_name\" content=\"Viola\" \/>\n<meta property=\"article:modified_time\" content=\"2025-06-04T13:28:57+00:00\" \/>\n<meta name=\"twitter:card\" content=\"summary_large_image\" \/>\n<meta name=\"twitter:label1\" content=\"Estimated reading time\" \/>\n\t<meta name=\"twitter:data1\" content=\"3 minutes\" \/>\n<script type=\"application\/ld+json\" class=\"yoast-schema-graph\">{\"@context\":\"https:\/\/schema.org\",\"@graph\":[{\"@type\":\"WebPage\",\"@id\":\"https:\/\/violaserafin.com\/ruzafa\/\",\"url\":\"https:\/\/violaserafin.com\/ruzafa\/\",\"name\":\"Ruzafa - Viola\",\"isPartOf\":{\"@id\":\"https:\/\/violaserafin.com\/#website\"},\"datePublished\":\"2025-05-15T09:36:18+00:00\",\"dateModified\":\"2025-06-04T13:28:57+00:00\",\"breadcrumb\":{\"@id\":\"https:\/\/violaserafin.com\/ruzafa\/#breadcrumb\"},\"inLanguage\":\"en-GB\",\"potentialAction\":[{\"@type\":\"ReadAction\",\"target\":[\"https:\/\/violaserafin.com\/ruzafa\/\"]}]},{\"@type\":\"BreadcrumbList\",\"@id\":\"https:\/\/violaserafin.com\/ruzafa\/#breadcrumb\",\"itemListElement\":[{\"@type\":\"ListItem\",\"position\":1,\"name\":\"Strona g\u0142\u00f3wna\",\"item\":\"https:\/\/violaserafin.com\/\"},{\"@type\":\"ListItem\",\"position\":2,\"name\":\"Ruzafa\"}]},{\"@type\":\"WebSite\",\"@id\":\"https:\/\/violaserafin.com\/#website\",\"url\":\"https:\/\/violaserafin.com\/\",\"name\":\"Viola\",\"description\":\"Odkryj Klimat Hiszpanii!\",\"potentialAction\":[{\"@type\":\"SearchAction\",\"target\":{\"@type\":\"EntryPoint\",\"urlTemplate\":\"https:\/\/violaserafin.com\/?s={search_term_string}\"},\"query-input\":{\"@type\":\"PropertyValueSpecification\",\"valueRequired\":true,\"valueName\":\"search_term_string\"}}],\"inLanguage\":\"en-GB\"}]}<\/script>\n<!-- \/ Yoast SEO plugin. -->","yoast_head_json":{"title":"Ruzafa - Viola","robots":{"index":"index","follow":"follow","max-snippet":"max-snippet:-1","max-image-preview":"max-image-preview:large","max-video-preview":"max-video-preview:-1"},"canonical":"https:\/\/violaserafin.com\/en\/ruzafa\/","og_locale":"en_GB","og_type":"article","og_title":"Ruzafa - Viola","og_description":"Odkryj klimat Hiszpanii Apartament z dusz\u0105 w centrum Walencji W samym centrum Walencji, w artystycznej i pe\u0142nej \u017cycia dzielnicy Ruzafa, znajduje si\u0119 mieszkanie z dusz\u0105, w kt\u00f3rym historia spotyka si\u0119 z nowoczesnym designem. Ta przestrze\u0144, po\u0142o\u017cona w ponadstuletniej kamienicy, przesz\u0142a kompletn\u0105 metamorfoz\u0119, \u0142\u0105cz\u0105c urok przesz\u0142o\u015bci z funkcjonalno\u015bci\u0105 wsp\u00f3\u0142czesnych wn\u0119trz. Projekt wn\u0119trza z histori\u0105 w tle [&hellip;]","og_url":"https:\/\/violaserafin.com\/en\/ruzafa\/","og_site_name":"Viola","article_modified_time":"2025-06-04T13:28:57+00:00","twitter_card":"summary_large_image","twitter_misc":{"Estimated reading time":"3 minutes"},"schema":{"@context":"https:\/\/schema.org","@graph":[{"@type":"WebPage","@id":"https:\/\/violaserafin.com\/ruzafa\/","url":"https:\/\/violaserafin.com\/ruzafa\/","name":"Ruzafa - Viola","isPartOf":{"@id":"https:\/\/violaserafin.com\/#website"},"datePublished":"2025-05-15T09:36:18+00:00","dateModified":"2025-06-04T13:28:57+00:00","breadcrumb":{"@id":"https:\/\/violaserafin.com\/ruzafa\/#breadcrumb"},"inLanguage":"en-GB","potentialAction":[{"@type":"ReadAction","target":["https:\/\/violaserafin.com\/ruzafa\/"]}]},{"@type":"BreadcrumbList","@id":"https:\/\/violaserafin.com\/ruzafa\/#breadcrumb","itemListElement":[{"@type":"ListItem","position":1,"name":"Strona g\u0142\u00f3wna","item":"https:\/\/violaserafin.com\/"},{"@type":"ListItem","position":2,"name":"Ruzafa"}]},{"@type":"WebSite","@id":"https:\/\/violaserafin.com\/#website","url":"https:\/\/violaserafin.com\/","name":"Viola","description":"Odkryj Klimat Hiszpanii!","potentialAction":[{"@type":"SearchAction","target":{"@type":"EntryPoint","urlTemplate":"https:\/\/violaserafin.com\/?s={search_term_string}"},"query-input":{"@type":"PropertyValueSpecification","valueRequired":true,"valueName":"search_term_string"}}],"inLanguage":"en-GB"}]}},"_links":{"self":[{"href":"https:\/\/violaserafin.com\/en\/wp-json\/wp\/v2\/pages\/575","targetHints":{"allow":["GET"]}}],"collection":[{"href":"https:\/\/violaserafin.com\/en\/wp-json\/wp\/v2\/pages"}],"about":[{"href":"https:\/\/violaserafin.com\/en\/wp-json\/wp\/v2\/types\/page"}],"author":[{"embeddable":true,"href":"https:\/\/violaserafin.com\/en\/wp-json\/wp\/v2\/users\/1"}],"replies":[{"embeddable":true,"href":"https:\/\/violaserafin.com\/en\/wp-json\/wp\/v2\/comments?post=575"}],"version-history":[{"count":397,"href":"https:\/\/violaserafin.com\/en\/wp-json\/wp\/v2\/pages\/575\/revisions"}],"predecessor-version":[{"id":3368,"href":"https:\/\/violaserafin.com\/en\/wp-json\/wp\/v2\/pages\/575\/revisions\/3368"}],"wp:attachment":[{"href":"https:\/\/violaserafin.com\/en\/wp-json\/wp\/v2\/media?parent=575"}],"curies":[{"name":"wp","href":"https:\/\/api.w.org\/{rel}","templated":true}]}}