{"id":1849,"date":"2025-05-23T14:35:06","date_gmt":"2025-05-23T14:35:06","guid":{"rendered":"https:\/\/violaserafin.com\/?page_id=1849"},"modified":"2025-06-04T13:40:07","modified_gmt":"2025-06-04T13:40:07","slug":"restauracja-niewinna","status":"publish","type":"page","link":"https:\/\/violaserafin.com\/en\/restauracja-niewinna\/","title":{"rendered":"NIEWINNA RESTAURANT"},"content":{"rendered":"<div data-elementor-type=\"wp-page\" data-elementor-id=\"1849\" class=\"elementor elementor-1849\" data-elementor-post-type=\"page\">\n\t\t\t\t<div class=\"elementor-element elementor-element-500b81a e-con-full e-flex e-con e-parent\" data-id=\"500b81a\" data-element_type=\"container\">\n\t\t<div class=\"elementor-element elementor-element-c01505a e-con-full elementor-hidden-mobile e-flex e-con e-child\" data-id=\"c01505a\" data-element_type=\"container\" data-settings=\"{&quot;background_background&quot;:&quot;classic&quot;}\">\n\t\t\t\t<\/div>\n\t\t<div class=\"elementor-element elementor-element-167c3b5 e-con-full e-flex e-con e-child\" data-id=\"167c3b5\" data-element_type=\"container\" data-settings=\"{&quot;background_background&quot;:&quot;classic&quot;}\">\n\t\t\t\t<\/div>\n\t\t<div class=\"elementor-element elementor-element-30df5cf8 e-con-full e-flex e-con e-child\" data-id=\"30df5cf8\" data-element_type=\"container\">\n\t\t\t\t<div class=\"elementor-element elementor-element-755e5e14 elementor-widget__width-inherit elementor-hidden-mobile elementor-widget elementor-widget-heading\" data-id=\"755e5e14\" data-element_type=\"widget\" data-widget_type=\"heading.default\">\n\t\t\t\t<div class=\"elementor-widget-container\">\n\t\t\t\t\t<h2 class=\"elementor-heading-title elementor-size-default\">NIEWINNA. A plant-based restaurant <\/br>in the heart of Warsaw\u2019s \u015ar\u00f3dmie\u015bcie.<\/h2>\t\t\t\t<\/div>\n\t\t\t\t<\/div>\n\t\t\t\t<div class=\"elementor-element elementor-element-4660547 elementor-widget__width-inherit elementor-hidden-desktop elementor-hidden-tablet elementor-widget elementor-widget-heading\" data-id=\"4660547\" data-element_type=\"widget\" data-widget_type=\"heading.default\">\n\t\t\t\t<div class=\"elementor-widget-container\">\n\t\t\t\t\t<h2 class=\"elementor-heading-title elementor-size-default\">NIEWINNA. <\/br>A plant-based restaurant <\/br>in the heart of Warsaw\u2019s \u015ar\u00f3dmie\u015bcie.<\/h2>\t\t\t\t<\/div>\n\t\t\t\t<\/div>\n\t\t\t\t<div class=\"elementor-element elementor-element-3edd3b73 elementor-widget elementor-widget-text-editor\" data-id=\"3edd3b73\" data-element_type=\"widget\" data-widget_type=\"text-editor.default\">\n\t\t\t\t<div class=\"elementor-widget-container\">\n\t\t\t\t\t\t\t\t\t<p>In the very heart of Warsaw, on Pozna\u0144ska Street \u2013 inside a modernist townhouse from 1928 \u2013 a space was created that's full of light, softness, and optimism. Born from the need to find a place where everything feels genuine \u2013 without pretending, without rush, without excess.<\/p>\t\t\t\t\t\t\t\t<\/div>\n\t\t\t\t<\/div>\n\t\t\t\t<div class=\"elementor-element elementor-element-36994de elementor-widget elementor-widget-text-editor\" data-id=\"36994de\" data-element_type=\"widget\" data-widget_type=\"text-editor.default\">\n\t\t\t\t<div class=\"elementor-widget-container\">\n\t\t\t\t\t\t\t\t\t<p>I designed this restaurant with those in mind who seek harmony in life. For sensitive souls, close to nature, who believe that life can be simpler and more beautiful. The vegan character of this place is more than just the menu \u2013 it's a philosophy reflected in every detail.<\/p>\t\t\t\t\t\t\t\t<\/div>\n\t\t\t\t<\/div>\n\t\t\t\t<div class=\"elementor-element elementor-element-3a6d96f elementor-widget elementor-widget-text-editor\" data-id=\"3a6d96f\" data-element_type=\"widget\" data-widget_type=\"text-editor.default\">\n\t\t\t\t<div class=\"elementor-widget-container\">\n\t\t\t\t\t\t\t\t\t<p>We used natural materials throughout the interior. Ash wood tables harmonize with the terracotta upholstery of the soft seating, while the burr wood on the waiter\u2019s sideboard intrigues with its pattern from the moment you step in. We invited Alicante Rojo marble to the bar, pairing it with a glass display and a steel base. The exposed ceiling was painted in a very light gray-blue, making the restaurant feel more spacious. The entire space is designed so that no one feels rushed. Every corner invites you to sit down, take a breath, and simply be.<\/p>\t\t\t\t\t\t\t\t<\/div>\n\t\t\t\t<\/div>\n\t\t\t\t<\/div>\n\t\t\t\t<\/div>\n\t\t<div class=\"elementor-element elementor-element-c082500 e-con-full e-flex e-con e-parent\" data-id=\"c082500\" data-element_type=\"container\">\n\t\t<div class=\"elementor-element elementor-element-bea2dfe e-con-full elementor-hidden-mobile e-flex e-con e-child\" data-id=\"bea2dfe\" data-element_type=\"container\" data-settings=\"{&quot;background_background&quot;:&quot;classic&quot;}\">\n\t\t\t\t<\/div>\n\t\t<div class=\"elementor-element elementor-element-f803707 e-con-full e-flex e-con e-child\" data-id=\"f803707\" data-element_type=\"container\" data-settings=\"{&quot;background_background&quot;:&quot;classic&quot;}\">\n\t\t\t\t<\/div>\n\t\t<div class=\"elementor-element elementor-element-64abaa7 e-con-full e-flex e-con e-child\" data-id=\"64abaa7\" data-element_type=\"container\" data-settings=\"{&quot;background_background&quot;:&quot;classic&quot;}\">\n\t\t\t\t<\/div>\n\t\t\t\t<\/div>\n\t\t<div class=\"elementor-element elementor-element-6f71fdc e-flex e-con-boxed e-con e-parent\" data-id=\"6f71fdc\" data-element_type=\"container\">\n\t\t\t\t\t<div class=\"e-con-inner\">\n\t\t<div class=\"elementor-element elementor-element-7dd067b e-con-full e-flex e-con e-child\" data-id=\"7dd067b\" data-element_type=\"container\" data-settings=\"{&quot;background_background&quot;:&quot;classic&quot;}\">\n\t\t\t\t<\/div>\n\t\t<div class=\"elementor-element elementor-element-2f2a8d4 e-con-full e-flex e-con e-child\" data-id=\"2f2a8d4\" data-element_type=\"container\" data-settings=\"{&quot;background_background&quot;:&quot;classic&quot;}\">\n\t\t\t\t<\/div>\n\t\t\t\t\t<\/div>\n\t\t\t\t<\/div>\n\t\t<div class=\"elementor-element elementor-element-466548c e-con-full elementor-hidden-mobile e-flex e-con e-parent\" data-id=\"466548c\" data-element_type=\"container\">\n\t\t<div class=\"elementor-element elementor-element-59278be e-con-full e-flex e-con e-child\" data-id=\"59278be\" data-element_type=\"container\" data-settings=\"{&quot;background_background&quot;:&quot;classic&quot;}\">\n\t\t\t\t<\/div>\n\t\t<div class=\"elementor-element elementor-element-d3bb2cf e-con-full e-flex e-con e-child\" data-id=\"d3bb2cf\" data-element_type=\"container\">\n\t\t\t\t<div class=\"elementor-element elementor-element-e05c1dc elementor-widget elementor-widget-text-editor\" data-id=\"e05c1dc\" data-element_type=\"widget\" data-widget_type=\"text-editor.default\">\n\t\t\t\t<div class=\"elementor-widget-container\">\n\t\t\t\t\t\t\t\t\t<p>The interior also features modernist details \u2014 a simple, geometric bar composition and a logical, functional layout shaped by the flow of the restaurant staff\u2019s work. We limited decorative elements to just the \u201cjewelry\u201d of the lighting and the liquor shelf.<\/p><p>It\u2019s worth noting the mirror on the ceiling above the bar area. This design choice gave the heart of the space room to breathe \u2014 making it feel twice as tall.<\/p>\t\t\t\t\t\t\t\t<\/div>\n\t\t\t\t<\/div>\n\t\t\t\t<div class=\"elementor-element elementor-element-f306791 elementor-widget elementor-widget-text-editor\" data-id=\"f306791\" data-element_type=\"widget\" data-widget_type=\"text-editor.default\">\n\t\t\t\t<div class=\"elementor-widget-container\">\n\t\t\t\t\t\t\t\t\t<p>Natural materials, a vertical garden on the walls, and mirrors that create a sense of flowing space \u2014 everything was designed with an urban idyll in mind. A little oasis in the heart of the city, where even coffee with a vegan pastry \u2014 and the atmosphere itself \u2014 taste better.<\/p>\t\t\t\t\t\t\t\t<\/div>\n\t\t\t\t<\/div>\n\t\t\t\t<\/div>\n\t\t<div class=\"elementor-element elementor-element-2b1d7a2 e-con-full elementor-hidden-mobile e-flex e-con e-child\" data-id=\"2b1d7a2\" data-element_type=\"container\" data-settings=\"{&quot;background_background&quot;:&quot;classic&quot;}\">\n\t\t\t\t<\/div>\n\t\t\t\t<\/div>\n\t\t<div class=\"elementor-element elementor-element-e50f5db e-flex e-con-boxed e-con e-parent\" data-id=\"e50f5db\" data-element_type=\"container\">\n\t\t\t\t\t<div class=\"e-con-inner\">\n\t\t<div class=\"elementor-element elementor-element-17affbc e-con-full e-flex e-con e-child\" data-id=\"17affbc\" data-element_type=\"container\" data-settings=\"{&quot;background_background&quot;:&quot;classic&quot;}\">\n\t\t\t\t<\/div>\n\t\t<div class=\"elementor-element elementor-element-12b7eb8 e-con-full e-flex e-con e-child\" data-id=\"12b7eb8\" data-element_type=\"container\" data-settings=\"{&quot;background_background&quot;:&quot;classic&quot;}\">\n\t\t\t\t<\/div>\n\t\t\t\t\t<\/div>\n\t\t\t\t<\/div>\n\t\t\t\t<\/div>","protected":false},"excerpt":{"rendered":"<p>NIEWINNA. Restauracja ro\u015blinna na warszawskim \u015ar\u00f3dmie\u015bciu. NIEWINNA. Restauracja ro\u015blinna na warszawskim \u015ar\u00f3dmie\u015bciu. W samym centrum Warszawy, przy ulicy Pozna\u0144skiej \u2013 w modernistycznej kamienicy\u00a0 z 1928 roku \u2013 powsta\u0142a przestrze\u0144 pe\u0142na \u015bwiat\u0142a, \u0142agodno\u015bci i optymizmu\u00a0 Z potrzeby odnalezienia miejsca, w kt\u00f3rym wszystko jest szczere \u2013 bez udawania, bez po\u015bpiechu, bez przesytu. Projektowa\u0142am t\u0119 restauracj\u0119 z my\u015bl\u0105 [&hellip;]<\/p>","protected":false},"author":1,"featured_media":0,"parent":0,"menu_order":0,"comment_status":"closed","ping_status":"closed","template":"","meta":{"footnotes":""},"class_list":["post-1849","page","type-page","status-publish","hentry"],"yoast_head":"<!-- This site is optimized with the Yoast SEO plugin v25.2 - https:\/\/yoast.com\/wordpress\/plugins\/seo\/ -->\n<title>Restauracja Niewinna - Viola<\/title>\n<meta name=\"robots\" content=\"index, follow, max-snippet:-1, max-image-preview:large, max-video-preview:-1\" \/>\n<link rel=\"canonical\" href=\"https:\/\/violaserafin.com\/en\/restauracja-niewinna\/\" \/>\n<meta property=\"og:locale\" content=\"en_GB\" \/>\n<meta property=\"og:type\" content=\"article\" \/>\n<meta property=\"og:title\" content=\"Restauracja Niewinna - Viola\" \/>\n<meta property=\"og:description\" content=\"NIEWINNA. Restauracja ro\u015blinna na warszawskim \u015ar\u00f3dmie\u015bciu. NIEWINNA. Restauracja ro\u015blinna na warszawskim \u015ar\u00f3dmie\u015bciu. W samym centrum Warszawy, przy ulicy Pozna\u0144skiej \u2013 w modernistycznej kamienicy\u00a0 z 1928 roku \u2013 powsta\u0142a przestrze\u0144 pe\u0142na \u015bwiat\u0142a, \u0142agodno\u015bci i optymizmu\u00a0 Z potrzeby odnalezienia miejsca, w kt\u00f3rym wszystko jest szczere \u2013 bez udawania, bez po\u015bpiechu, bez przesytu. Projektowa\u0142am t\u0119 restauracj\u0119 z my\u015bl\u0105 [&hellip;]\" \/>\n<meta property=\"og:url\" content=\"https:\/\/violaserafin.com\/en\/restauracja-niewinna\/\" \/>\n<meta property=\"og:site_name\" content=\"Viola\" \/>\n<meta property=\"article:modified_time\" content=\"2025-06-04T13:40:07+00:00\" \/>\n<meta name=\"twitter:card\" content=\"summary_large_image\" \/>\n<meta name=\"twitter:label1\" content=\"Estimated reading time\" \/>\n\t<meta name=\"twitter:data1\" content=\"2 minutes\" \/>\n<script type=\"application\/ld+json\" class=\"yoast-schema-graph\">{\"@context\":\"https:\/\/schema.org\",\"@graph\":[{\"@type\":\"WebPage\",\"@id\":\"https:\/\/violaserafin.com\/en\/restauracja-niewinna\/\",\"url\":\"https:\/\/violaserafin.com\/en\/restauracja-niewinna\/\",\"name\":\"Restauracja Niewinna - Viola\",\"isPartOf\":{\"@id\":\"https:\/\/violaserafin.com\/#website\"},\"datePublished\":\"2025-05-23T14:35:06+00:00\",\"dateModified\":\"2025-06-04T13:40:07+00:00\",\"breadcrumb\":{\"@id\":\"https:\/\/violaserafin.com\/en\/restauracja-niewinna\/#breadcrumb\"},\"inLanguage\":\"en-GB\",\"potentialAction\":[{\"@type\":\"ReadAction\",\"target\":[\"https:\/\/violaserafin.com\/en\/restauracja-niewinna\/\"]}]},{\"@type\":\"BreadcrumbList\",\"@id\":\"https:\/\/violaserafin.com\/en\/restauracja-niewinna\/#breadcrumb\",\"itemListElement\":[{\"@type\":\"ListItem\",\"position\":1,\"name\":\"Strona g\u0142\u00f3wna\",\"item\":\"https:\/\/violaserafin.com\/\"},{\"@type\":\"ListItem\",\"position\":2,\"name\":\"Restauracja Niewinna\"}]},{\"@type\":\"WebSite\",\"@id\":\"https:\/\/violaserafin.com\/#website\",\"url\":\"https:\/\/violaserafin.com\/\",\"name\":\"Viola\",\"description\":\"Odkryj Klimat Hiszpanii!\",\"potentialAction\":[{\"@type\":\"SearchAction\",\"target\":{\"@type\":\"EntryPoint\",\"urlTemplate\":\"https:\/\/violaserafin.com\/?s={search_term_string}\"},\"query-input\":{\"@type\":\"PropertyValueSpecification\",\"valueRequired\":true,\"valueName\":\"search_term_string\"}}],\"inLanguage\":\"en-GB\"}]}<\/script>\n<!-- \/ Yoast SEO plugin. -->","yoast_head_json":{"title":"Restauracja Niewinna - Viola","robots":{"index":"index","follow":"follow","max-snippet":"max-snippet:-1","max-image-preview":"max-image-preview:large","max-video-preview":"max-video-preview:-1"},"canonical":"https:\/\/violaserafin.com\/en\/restauracja-niewinna\/","og_locale":"en_GB","og_type":"article","og_title":"Restauracja Niewinna - Viola","og_description":"NIEWINNA. Restauracja ro\u015blinna na warszawskim \u015ar\u00f3dmie\u015bciu. NIEWINNA. Restauracja ro\u015blinna na warszawskim \u015ar\u00f3dmie\u015bciu. W samym centrum Warszawy, przy ulicy Pozna\u0144skiej \u2013 w modernistycznej kamienicy\u00a0 z 1928 roku \u2013 powsta\u0142a przestrze\u0144 pe\u0142na \u015bwiat\u0142a, \u0142agodno\u015bci i optymizmu\u00a0 Z potrzeby odnalezienia miejsca, w kt\u00f3rym wszystko jest szczere \u2013 bez udawania, bez po\u015bpiechu, bez przesytu. Projektowa\u0142am t\u0119 restauracj\u0119 z my\u015bl\u0105 [&hellip;]","og_url":"https:\/\/violaserafin.com\/en\/restauracja-niewinna\/","og_site_name":"Viola","article_modified_time":"2025-06-04T13:40:07+00:00","twitter_card":"summary_large_image","twitter_misc":{"Estimated reading time":"2 minutes"},"schema":{"@context":"https:\/\/schema.org","@graph":[{"@type":"WebPage","@id":"https:\/\/violaserafin.com\/en\/restauracja-niewinna\/","url":"https:\/\/violaserafin.com\/en\/restauracja-niewinna\/","name":"Restauracja Niewinna - Viola","isPartOf":{"@id":"https:\/\/violaserafin.com\/#website"},"datePublished":"2025-05-23T14:35:06+00:00","dateModified":"2025-06-04T13:40:07+00:00","breadcrumb":{"@id":"https:\/\/violaserafin.com\/en\/restauracja-niewinna\/#breadcrumb"},"inLanguage":"en-GB","potentialAction":[{"@type":"ReadAction","target":["https:\/\/violaserafin.com\/en\/restauracja-niewinna\/"]}]},{"@type":"BreadcrumbList","@id":"https:\/\/violaserafin.com\/en\/restauracja-niewinna\/#breadcrumb","itemListElement":[{"@type":"ListItem","position":1,"name":"Strona g\u0142\u00f3wna","item":"https:\/\/violaserafin.com\/"},{"@type":"ListItem","position":2,"name":"Restauracja Niewinna"}]},{"@type":"WebSite","@id":"https:\/\/violaserafin.com\/#website","url":"https:\/\/violaserafin.com\/","name":"Viola","description":"Odkryj Klimat Hiszpanii!","potentialAction":[{"@type":"SearchAction","target":{"@type":"EntryPoint","urlTemplate":"https:\/\/violaserafin.com\/?s={search_term_string}"},"query-input":{"@type":"PropertyValueSpecification","valueRequired":true,"valueName":"search_term_string"}}],"inLanguage":"en-GB"}]}},"_links":{"self":[{"href":"https:\/\/violaserafin.com\/en\/wp-json\/wp\/v2\/pages\/1849","targetHints":{"allow":["GET"]}}],"collection":[{"href":"https:\/\/violaserafin.com\/en\/wp-json\/wp\/v2\/pages"}],"about":[{"href":"https:\/\/violaserafin.com\/en\/wp-json\/wp\/v2\/types\/page"}],"author":[{"embeddable":true,"href":"https:\/\/violaserafin.com\/en\/wp-json\/wp\/v2\/users\/1"}],"replies":[{"embeddable":true,"href":"https:\/\/violaserafin.com\/en\/wp-json\/wp\/v2\/comments?post=1849"}],"version-history":[{"count":173,"href":"https:\/\/violaserafin.com\/en\/wp-json\/wp\/v2\/pages\/1849\/revisions"}],"predecessor-version":[{"id":3389,"href":"https:\/\/violaserafin.com\/en\/wp-json\/wp\/v2\/pages\/1849\/revisions\/3389"}],"wp:attachment":[{"href":"https:\/\/violaserafin.com\/en\/wp-json\/wp\/v2\/media?parent=1849"}],"curies":[{"name":"wp","href":"https:\/\/api.w.org\/{rel}","templated":true}]}}